
{"id":2110,"date":"2023-04-01T16:53:04","date_gmt":"2023-04-01T14:53:04","guid":{"rendered":"https:\/\/www.imtex-online.com\/mediathek\/?page_id=2110"},"modified":"2023-12-05T17:44:15","modified_gmt":"2023-12-05T16:44:15","slug":"imtex-konferenz-2023","status":"publish","type":"page","link":"https:\/\/www.imtex-online.com\/mediathek\/imtex-konferenz-2023\/","title":{"rendered":"Internationale IMTEX Konferenz 2023"},"content":{"rendered":"<div class=\"wpb-content-wrapper\"><p>[vc_row type=&#8220;in_container&#8220; full_screen_row_position=&#8220;middle&#8220; scene_position=&#8220;center&#8220; text_color=&#8220;dark&#8220; text_align=&#8220;left&#8220; overlay_strength=&#8220;0.3&#8243; shape_divider_position=&#8220;bottom&#8220;][vc_column column_padding=&#8220;no-extra-padding&#8220; column_padding_position=&#8220;all&#8220; background_color_opacity=&#8220;1&#8243; background_hover_color_opacity=&#8220;1&#8243; column_shadow=&#8220;none&#8220; column_border_radius=&#8220;none&#8220; tablet_text_alignment=&#8220;default&#8220; phone_text_alignment=&#8220;default&#8220; column_border_width=&#8220;none&#8220; column_border_style=&#8220;solid&#8220;][vc_column_text]<img loading=\"lazy\" decoding=\"async\" class=\"aligncenter size-full wp-image-2113\" src=\"https:\/\/www.imtex-online.com\/mediathek\/wp-content\/uploads\/2023\/04\/Poster_Conference_2023_DEUTSCH_kl.jpg\" alt=\"\" width=\"2327\" height=\"1692\" srcset=\"https:\/\/www.imtex-online.com\/mediathek\/wp-content\/uploads\/2023\/04\/Poster_Conference_2023_DEUTSCH_kl.jpg 2327w, https:\/\/www.imtex-online.com\/mediathek\/wp-content\/uploads\/2023\/04\/Poster_Conference_2023_DEUTSCH_kl-300x218.jpg 300w, https:\/\/www.imtex-online.com\/mediathek\/wp-content\/uploads\/2023\/04\/Poster_Conference_2023_DEUTSCH_kl-1024x745.jpg 1024w, https:\/\/www.imtex-online.com\/mediathek\/wp-content\/uploads\/2023\/04\/Poster_Conference_2023_DEUTSCH_kl-768x558.jpg 768w, https:\/\/www.imtex-online.com\/mediathek\/wp-content\/uploads\/2023\/04\/Poster_Conference_2023_DEUTSCH_kl-1536x1117.jpg 1536w, https:\/\/www.imtex-online.com\/mediathek\/wp-content\/uploads\/2023\/04\/Poster_Conference_2023_DEUTSCH_kl-2048x1489.jpg 2048w\" sizes=\"auto, (max-width: 2327px) 100vw, 2327px\" \/>[\/vc_column_text][\/vc_column][\/vc_row][vc_row type=&#8220;in_container&#8220; full_screen_row_position=&#8220;middle&#8220; scene_position=&#8220;center&#8220; text_color=&#8220;dark&#8220; text_align=&#8220;left&#8220; top_padding=&#8220;40&#8243; bottom_padding=&#8220;20&#8243; id=&#8220;quote&#8220; overlay_strength=&#8220;0.3&#8243; shape_divider_position=&#8220;bottom&#8220; shape_type=&#8220;&#8220;][vc_column width=&#8220;2\/3&#8243; column_padding=&#8220;no-extra-padding&#8220; column_padding_position=&#8220;all&#8220; background_color_opacity=&#8220;1&#8243; background_hover_color_opacity=&#8220;1&#8243; column_shadow=&#8220;none&#8220; column_border_radius=&#8220;none&#8220; tablet_text_alignment=&#8220;default&#8220; phone_text_alignment=&#8220;default&#8220; column_border_width=&#8220;none&#8220; column_border_style=&#8220;solid&#8220;][vc_column_text]<\/p>\n<h2><strong><span style=\"color: #000000;\">Liebe Geigenlehrerinnen und Geigenlehrer!<\/span><\/strong><\/h2>\n<p><strong><span style=\"color: #000000;\">Schon heute wollen wir Sie herzlich zur kommenden IMTEX-Konferenz einladen. Die internationale Lehrer-Konferenz findet in der Akademie Remscheid statt vom 27.- 30. Oktober 2023.<\/span><\/strong><\/p>\n<p><strong><span style=\"color: #000000;\">Das Motto der Konferenz lautet \u201eQualit\u00e4t von Anfang an\u201c. Im Mittelpunkt stehen mehr als 100 interessante Unterrichtsideen f\u00fcr einen erfolgreichen, kreativen und lebendigen Geigenunterricht.<\/span><\/strong><\/p>\n<p><strong><span style=\"color: #000000;\">Als Hauptreferenten werden\u00a0<span style=\"color: #000080;\"><a style=\"color: #000080;\" href=\"https:\/\/www.imtex-online.com\/mediathek\/kerstinwartberg\/\">Kerstin Wartberg<\/a><\/span>\u00a0 und <span style=\"color: #000080;\"><a style=\"color: #000080;\" href=\"https:\/\/suzukiassociation.org\/people\/charles-krigbaum\/\">Charles Krigbaum<\/a><\/span>\u00a0 dabei sein, sowie mehr als 20 herausragende Referenten und Instrumentalisten aus aller Welt.<\/span><\/strong><\/p>\n<p><strong>Suzuki- und traditionelle Violinlehrer aus aller Welt treffen sich zu einem offenen, interaktiven Erfahrungsaustausch in der unbeschwerten Atmosph\u00e4re der Akademie Remscheid. Jeder ist herzlich willkommen, der hierzu Beitr\u00e4ge leisten oder die vielgestaltigen Eindr\u00fccke einfach nur auf sich wirken lassen will.<\/strong><br \/>\n<strong>Ein Teil Ihrer Kursgeb\u00fchr kommt den ukrainischen Suzuki-Lehrern und -Sch\u00fclern zugute!<\/strong>[\/vc_column_text][\/vc_column][vc_column width=&#8220;1\/3&#8243;][vc_column_text]<img loading=\"lazy\" decoding=\"async\" class=\"aligncenter size-large wp-image-1991\" src=\"https:\/\/www.imtex-online.com\/mediathek\/wp-content\/uploads\/2023\/03\/CharlesKerstin-1024x572.jpg\" alt=\"\" width=\"550\" height=\"307\" srcset=\"https:\/\/www.imtex-online.com\/mediathek\/wp-content\/uploads\/2023\/03\/CharlesKerstin-1024x572.jpg 1024w, https:\/\/www.imtex-online.com\/mediathek\/wp-content\/uploads\/2023\/03\/CharlesKerstin-300x168.jpg 300w, https:\/\/www.imtex-online.com\/mediathek\/wp-content\/uploads\/2023\/03\/CharlesKerstin-768x429.jpg 768w, https:\/\/www.imtex-online.com\/mediathek\/wp-content\/uploads\/2023\/03\/CharlesKerstin.jpg 1384w\" sizes=\"auto, (max-width: 550px) 100vw, 550px\" \/>[\/vc_column_text][vc_column_text css=&#8220;.vc_custom_1680362090779{background-color: #e5e5e5 !important;}&#8220;]<\/p>\n<h3 style=\"text-align: center;\">Wir freuen uns nach einer dreij\u00e4hrigen Pause, viele Freunde und Kollegen im Oktober 2023 in Remscheid wieder zu sehen und uns fachlich auszutauschen!<\/h3>\n<p>[\/vc_column_text][\/vc_column][\/vc_row][vc_row type=&#8220;in_container&#8220; full_screen_row_position=&#8220;middle&#8220; scene_position=&#8220;center&#8220; text_color=&#8220;dark&#8220; text_align=&#8220;left&#8220; overlay_strength=&#8220;0.3&#8243; shape_divider_position=&#8220;bottom&#8220;][vc_column width=&#8220;1\/2&#8243; column_padding=&#8220;no-extra-padding&#8220; column_padding_position=&#8220;all&#8220; background_color_opacity=&#8220;1&#8243; background_hover_color_opacity=&#8220;1&#8243; column_shadow=&#8220;none&#8220; column_border_radius=&#8220;none&#8220; tablet_text_alignment=&#8220;default&#8220; phone_text_alignment=&#8220;default&#8220; column_border_width=&#8220;none&#8220; column_border_style=&#8220;solid&#8220;][vc_btn title=&#8220;Online Anmeldung 2023&#8243; style=&#8220;classic&#8220; color=&#8220;sky&#8220; size=&#8220;lg&#8220; align=&#8220;center&#8220; link=&#8220;url:https%3A%2F%2Fwww.imtex-online.com%2Fanmeldung%2Frs%2Fdeutsch%2F|||&#8220;][\/vc_column][vc_column width=&#8220;1\/4&#8243;][vc_btn title=&#8220;Preisliste&#8220; style=&#8220;classic&#8220; color=&#8220;sky&#8220; size=&#8220;lg&#8220; align=&#8220;center&#8220; button_block=&#8220;true&#8220; link=&#8220;url:https%3A%2F%2Fwww.imtex-online.com%2Fanmeldung%2Frs%2Fneutral%2Fpricelist.php%3Flang%3Dde|||&#8220;][\/vc_column][vc_column width=&#8220;1\/4&#8243;][vc_btn title=&#8220;Anfahrt&#8220; style=&#8220;classic&#8220; color=&#8220;sky&#8220; size=&#8220;lg&#8220; align=&#8220;center&#8220; button_block=&#8220;true&#8220; link=&#8220;url:https%3A%2F%2Fwww.imtex-online.com%2Fmediathek%2Fwp-content%2Fuploads%2F2023%2F03%2FANREISE-REMSCHEID.pdf|||&#8220;][\/vc_column][\/vc_row][vc_row type=&#8220;in_container&#8220; full_screen_row_position=&#8220;middle&#8220; scene_position=&#8220;center&#8220; text_color=&#8220;dark&#8220; text_align=&#8220;left&#8220; overlay_strength=&#8220;0.3&#8243; shape_divider_position=&#8220;bottom&#8220;][vc_column column_padding=&#8220;no-extra-padding&#8220; column_padding_position=&#8220;all&#8220; background_color_opacity=&#8220;1&#8243; background_hover_color_opacity=&#8220;1&#8243; column_shadow=&#8220;none&#8220; column_border_radius=&#8220;none&#8220; tablet_text_alignment=&#8220;default&#8220; phone_text_alignment=&#8220;default&#8220; column_border_width=&#8220;none&#8220; column_border_style=&#8220;solid&#8220;][vc_column_text css=&#8220;.vc_custom_1679937350115{background-color: #e5e5e5 !important;}&#8220;]<\/p>\n<h2 style=\"text-align: center;\"><span style=\"color: #000080;\"><strong><img loading=\"lazy\" decoding=\"async\" class=\"aligncenter wp-image-2047 size-full\" src=\"https:\/\/www.imtex-online.com\/mediathek\/wp-content\/uploads\/2023\/03\/Title_Conference_Motto-scaled.jpg\" alt=\"\" width=\"2560\" height=\"548\" srcset=\"https:\/\/www.imtex-online.com\/mediathek\/wp-content\/uploads\/2023\/03\/Title_Conference_Motto-scaled.jpg 2560w, https:\/\/www.imtex-online.com\/mediathek\/wp-content\/uploads\/2023\/03\/Title_Conference_Motto-300x64.jpg 300w, https:\/\/www.imtex-online.com\/mediathek\/wp-content\/uploads\/2023\/03\/Title_Conference_Motto-1024x219.jpg 1024w, https:\/\/www.imtex-online.com\/mediathek\/wp-content\/uploads\/2023\/03\/Title_Conference_Motto-768x164.jpg 768w, https:\/\/www.imtex-online.com\/mediathek\/wp-content\/uploads\/2023\/03\/Title_Conference_Motto-1536x329.jpg 1536w, https:\/\/www.imtex-online.com\/mediathek\/wp-content\/uploads\/2023\/03\/Title_Conference_Motto-2048x438.jpg 2048w\" sizes=\"auto, (max-width: 2560px) 100vw, 2560px\" \/><\/strong><\/span><\/h2>\n<p>[\/vc_column_text][vc_separator][\/vc_column][\/vc_row][vc_row type=&#8220;in_container&#8220; full_screen_row_position=&#8220;middle&#8220; scene_position=&#8220;center&#8220; text_color=&#8220;dark&#8220; text_align=&#8220;left&#8220; overlay_strength=&#8220;0.3&#8243; shape_divider_position=&#8220;bottom&#8220;][vc_column column_padding=&#8220;no-extra-padding&#8220; column_padding_position=&#8220;all&#8220; background_color_opacity=&#8220;1&#8243; background_hover_color_opacity=&#8220;1&#8243; column_shadow=&#8220;none&#8220; column_border_radius=&#8220;none&#8220; tablet_text_alignment=&#8220;default&#8220; phone_text_alignment=&#8220;default&#8220; column_border_width=&#8220;none&#8220; column_border_style=&#8220;solid&#8220;][vc_column_text]<\/p>\n<div>\n<h3 style=\"text-align: center;\"><span style=\"color: #000080;\"><strong>Kurs A<\/strong><\/span><br \/>\n<span style=\"color: #000000;\"><strong>Intensivkurs f\u00fcr Violin-Lehrer:<br \/>\nViolin-Literatur und -Technik der Mittelstufe<br \/>\n<\/strong><\/span><\/h3>\n<h4 style=\"text-align: center;\"><span style=\"color: #000000;\"><strong> (Niveau = Suzuki Band 4 \u2013 6)\u00a0<\/strong><\/span><\/h4>\n<p style=\"text-align: center;\"><span style=\"color: #000080;\"><strong>Beginn: <\/strong><\/span><span style=\"color: #000000;\">Freitag, 27. Oktober 2023, 14:30 Uhr<\/span><strong><br \/>\n<span style=\"color: #000080;\">Ende: <\/span><\/strong><span style=\"color: #000000;\">Samstag, 28 Oktober 2023, 12:00 Uhr<\/span><\/p>\n<\/div>\n<div>\n<h4 style=\"text-align: center;\"><\/h4>\n<\/div>\n<p>[\/vc_column_text][vc_column_text]<\/p>\n<h3 style=\"text-align: center;\"><span style=\"color: #000080;\"><strong>Kurs B<\/strong><\/span><br \/>\n<strong>12. Internationale IMTEX-Konferenz:<br \/>\n<\/strong>Qualit\u00e4t von Anfang an &#8211; Die systematische Entwicklung geigerischer F\u00e4higkeiten<\/h3>\n<h4 style=\"text-align: center;\"><span style=\"color: #000000;\"><strong>(Niveau = Suzuki <\/strong><strong>Band 1 \u2013 6)\u00a0<\/strong><\/span><\/h4>\n<p style=\"text-align: center;\"><span style=\"color: #000080;\"><strong>Beginn:<\/strong><\/span><strong>\u202f<\/strong>Samstag, 28. Oktober 2023, 14:30 Uhr<br \/>\n<span style=\"color: #000080;\"><strong>Ende:<\/strong><strong>\u202f<\/strong><\/span>Sonntag 29. Oktober 2023, 15:00 Uhr[\/vc_column_text][vc_column_text]<\/p>\n<h3 style=\"text-align: center;\"><strong><span style=\"color: #000080;\">Kurs C<br \/>\n<\/span><\/strong><strong>Intensivkurs f\u00fcr Violin-Lehrer:<br \/>\n<\/strong><em>Und jedem Anfang wohnt<\/em>\u00a0<em>ein Zauber inne &#8230;\u00a0 (Hermann Hesse)<\/em><\/h3>\n<h4 style=\"text-align: center;\"><span style=\"color: #000000;\"><strong>(Niveau = Suzuki <\/strong><strong>Band 1)\u00a0<\/strong><\/span><\/h4>\n<p style=\"text-align: center;\"><span style=\"color: #000080;\"><strong>Beginn: <\/strong><\/span><strong>\u202f<\/strong>Sonntag, 29. Oktober 2023, 16:30 Uhr<br \/>\n<span style=\"color: #000080;\"><strong>Ende:<\/strong><\/span><strong>\u202f<\/strong>Montag 30. Oktober 2023, 13:30 Uhr[\/vc_column_text][vc_column_text]<\/p>\n<div><\/div>\n<div>\n<h3 style=\"text-align: center;\"><span style=\"color: #0000ff;\"><span style=\"color: #000080;\"><strong>Konferenzleitung:<\/strong><\/span><strong><br \/>\n<span style=\"color: #000000;\">Kerstin Wartberg &amp; Charles Krigbaum<\/span><br \/>\n<\/strong><\/span><\/h3>\n<h3 style=\"text-align: center;\"><strong><span style=\"color: #000080;\">Tagungsort:<\/span><br \/>\nAkademie der Kulturellen Bildung des Bundes<br \/>\nund des Landes NRW e.V.<br \/>\nK\u00fcppelstein 34<br \/>\n<\/strong><strong>D &#8211; 42857 Remscheid<br \/>\n<\/strong><\/h3>\n<h3 style=\"text-align: center;\"><strong><span style=\"color: #000080;\">Konferenzsprachen:<\/span><br \/>\nDEUTSCH und ENGLISCH<\/strong><\/h3>\n<\/div>\n<h3 style=\"text-align: center;\"><strong><span style=\"color: #000080;\">Konferenzb\u00fcro:<\/span><br \/>\n<span style=\"color: #000000;\">Stefan Kalkbrenner<br \/>\n<\/span><a href=\"mailto:dsi@imtex-online.com\">dsi@imtex-online.com<\/a><\/strong><\/h3>\n<h3 style=\"text-align: center;\"><\/h3>\n<div>\n<h3 style=\"text-align: center;\"><em>Wir w\u00fcrden uns freuen,<br \/>\nSie auf der Lehrerkonferenz 2023<\/em><em>\u00a0begr\u00fc\u00dfen zu k\u00f6nnen!<\/em><\/h3>\n<h3 style=\"text-align: center;\"><em>\u00a0<\/em><\/h3>\n<\/div>\n<p>[\/vc_column_text][vc_separator][\/vc_column][\/vc_row][vc_row type=&#8220;in_container&#8220; full_screen_row_position=&#8220;middle&#8220; scene_position=&#8220;center&#8220; text_color=&#8220;dark&#8220; text_align=&#8220;left&#8220; overlay_strength=&#8220;0.3&#8243; shape_divider_position=&#8220;bottom&#8220;][vc_column width=&#8220;1\/2&#8243; column_padding=&#8220;no-extra-padding&#8220; column_padding_position=&#8220;all&#8220; background_color_opacity=&#8220;1&#8243; background_hover_color_opacity=&#8220;1&#8243; column_shadow=&#8220;none&#8220; column_border_radius=&#8220;none&#8220; tablet_text_alignment=&#8220;default&#8220; phone_text_alignment=&#8220;default&#8220; column_border_width=&#8220;none&#8220; column_border_style=&#8220;solid&#8220;][vc_column_text][\/vc_column_text][\/vc_column][vc_column width=&#8220;1\/2&#8243;][\/vc_column][\/vc_row][vc_row type=&#8220;in_container&#8220; full_screen_row_position=&#8220;middle&#8220; scene_position=&#8220;center&#8220; text_color=&#8220;dark&#8220; text_align=&#8220;left&#8220; overlay_strength=&#8220;0.3&#8243; shape_divider_position=&#8220;bottom&#8220;][vc_column column_padding=&#8220;no-extra-padding&#8220; column_padding_position=&#8220;all&#8220; background_color_opacity=&#8220;1&#8243; background_hover_color_opacity=&#8220;1&#8243; column_shadow=&#8220;none&#8220; column_border_radius=&#8220;none&#8220; tablet_text_alignment=&#8220;default&#8220; phone_text_alignment=&#8220;default&#8220; column_border_width=&#8220;none&#8220; column_border_style=&#8220;solid&#8220;][vc_column_text]Nachfolgend finden Sie einen Bericht der amerikanischen Universit\u00e4tsprofessorin und Suzuki-Lehrerin\u00a0\u00a0<a href=\"http:\/\/teachsuzuki.blogspot.com\/p\/about-me.html\"><strong>Dr. Paula Bird<\/strong><\/a>\u00a0(Texas State University), die zum dritten Mal hintereinander die IMTEX-Konferenzen besuchte und hier ihre ganz pers\u00f6nlichen Eindr\u00fccke beschreibt, die sie als Teilnehmerin und Dozentin gesammelt hat.<br \/>\nIhr Bericht ist auf Englisch und kann auch als\u00a0<a href=\"http:\/\/teachsuzuki.com\/138-tsp-conference-joy-imtex-2018\/\"><strong>Podcast<\/strong><\/a> angeh\u00f6rt werden. Ich bin \u00fcberzeugt \u2013 auch wenn Sie nicht alles ganz genau verstehen sollten \u2013 , dass Sie Paula Birds Begeisterung sp\u00fcren und anhand der Videos, Fotos und Noten zum kostenlosen Download einen Eindruck von der Vielfalt der Konferenz gewinnen k\u00f6nnen.[\/vc_column_text][vc_video link=&#8220;https:\/\/www.youtube.com\/watch?v=cYm6qagQATQ&#8220; el_width=&#8220;80&#8243; align=&#8220;center&#8220;][\/vc_column][\/vc_row][vc_row type=&#8220;in_container&#8220; full_screen_row_position=&#8220;middle&#8220; scene_position=&#8220;center&#8220; text_color=&#8220;dark&#8220; text_align=&#8220;left&#8220; overlay_strength=&#8220;0.3&#8243; shape_divider_position=&#8220;bottom&#8220;][vc_column column_padding=&#8220;no-extra-padding&#8220; column_padding_position=&#8220;all&#8220; background_color_opacity=&#8220;1&#8243; background_hover_color_opacity=&#8220;1&#8243; column_shadow=&#8220;none&#8220; column_border_radius=&#8220;none&#8220; tablet_text_alignment=&#8220;default&#8220; phone_text_alignment=&#8220;default&#8220; column_border_width=&#8220;none&#8220; column_border_style=&#8220;solid&#8220;][vc_column_text][\/vc_column_text][\/vc_column][\/vc_row]<\/p>\n<\/div>","protected":false},"excerpt":{"rendered":"<p>[vc_row type=&#8220;in_container&#8220; full_screen_row_position=&#8220;middle&#8220; scene_position=&#8220;center&#8220; text_color=&#8220;dark&#8220; text_align=&#8220;left&#8220; overlay_strength=&#8220;0.3&#8243; shape_divider_position=&#8220;bottom&#8220;][vc_column column_padding=&#8220;no-extra-padding&#8220; column_padding_position=&#8220;all&#8220; background_color_opacity=&#8220;1&#8243; background_hover_color_opacity=&#8220;1&#8243; column_shadow=&#8220;none&#8220; column_border_radius=&#8220;none&#8220; tablet_text_alignment=&#8220;default&#8220; phone_text_alignment=&#8220;default&#8220; column_border_width=&#8220;none&#8220; column_border_style=&#8220;solid&#8220;][vc_column_text][\/vc_column_text][\/vc_column][\/vc_row][vc_row type=&#8220;in_container&#8220; full_screen_row_position=&#8220;middle&#8220; scene_position=&#8220;center&#8220; text_color=&#8220;dark&#8220; text_align=&#8220;left&#8220; top_padding=&#8220;40&#8243; bottom_padding=&#8220;20&#8243; id=&#8220;quote&#8220; overlay_strength=&#8220;0.3&#8243; shape_divider_position=&#8220;bottom&#8220; shape_type=&#8220;&#8220;][vc_column width=&#8220;2\/3&#8243; column_padding=&#8220;no-extra-padding&#8220; column_padding_position=&#8220;all&#8220; background_color_opacity=&#8220;1&#8243; background_hover_color_opacity=&#8220;1&#8243; column_shadow=&#8220;none&#8220; column_border_radius=&#8220;none&#8220; tablet_text_alignment=&#8220;default&#8220; phone_text_alignment=&#8220;default&#8220; column_border_width=&#8220;none&#8220; column_border_style=&#8220;solid&#8220;][vc_column_text] Liebe Geigenlehrerinnen und Geigenlehrer! Schon heute wollen wir Sie herzlich zur kommenden IMTEX-Konferenz einladen. Die<\/p>\n","protected":false},"author":2,"featured_media":0,"parent":0,"menu_order":0,"comment_status":"closed","ping_status":"closed","template":"fullwidth2.php","meta":{"footnotes":""},"class_list":["post-2110","page","type-page","status-publish","hentry"],"_links":{"self":[{"href":"https:\/\/www.imtex-online.com\/mediathek\/wp-json\/wp\/v2\/pages\/2110","targetHints":{"allow":["GET"]}}],"collection":[{"href":"https:\/\/www.imtex-online.com\/mediathek\/wp-json\/wp\/v2\/pages"}],"about":[{"href":"https:\/\/www.imtex-online.com\/mediathek\/wp-json\/wp\/v2\/types\/page"}],"author":[{"embeddable":true,"href":"https:\/\/www.imtex-online.com\/mediathek\/wp-json\/wp\/v2\/users\/2"}],"replies":[{"embeddable":true,"href":"https:\/\/www.imtex-online.com\/mediathek\/wp-json\/wp\/v2\/comments?post=2110"}],"version-history":[{"count":23,"href":"https:\/\/www.imtex-online.com\/mediathek\/wp-json\/wp\/v2\/pages\/2110\/revisions"}],"predecessor-version":[{"id":2416,"href":"https:\/\/www.imtex-online.com\/mediathek\/wp-json\/wp\/v2\/pages\/2110\/revisions\/2416"}],"wp:attachment":[{"href":"https:\/\/www.imtex-online.com\/mediathek\/wp-json\/wp\/v2\/media?parent=2110"}],"curies":[{"name":"wp","href":"https:\/\/api.w.org\/{rel}","templated":true}]}}