
{"id":201,"date":"2020-05-20T19:52:46","date_gmt":"2020-05-20T17:52:46","guid":{"rendered":"https:\/\/www.imtex-online.com\/mediathek\/?page_id=201"},"modified":"2023-02-04T15:05:45","modified_gmt":"2023-02-04T14:05:45","slug":"datenschutz","status":"publish","type":"page","link":"https:\/\/www.imtex-online.com\/mediathek\/datenschutz\/","title":{"rendered":"Datenschutz"},"content":{"rendered":"\r\n<p><strong>Datenschutzerkl\u00e4rung<\/strong><\/p>\r\n\r\n\r\n\r\n<p><strong>Verantwortlicher<\/strong>\u00a0im Sinne der Datenschutz-Grundverordnung, sonstiger in den Mitgliedstaaten der Europ\u00e4ischen Union geltenden Datenschutzgesetze und anderer Bestimmungen mit datenschutzrechtlichem Charakter ist Kerstin Wartberg, Tulpenstr. 19, 59909 BESTWIG (nachfolgend \u201eVerantwortliche\u201c bzw. \u201ewir\u201c oder \u201euns\u201c).<\/p>\r\n\r\n\r\n\r\n<p><strong>A. Allgemeines zur Datenverarbeitung<\/strong><\/p>\r\n\r\n\r\n\r\n<p><strong>1) Personenbezogene Daten<\/strong><\/p>\r\n\r\n\r\n\r\n<p>Personenbezogene Daten sind Einzelangaben \u00fcber pers\u00f6nliche oder sachliche Verh\u00e4ltnisse einer bestimmten oder bestimmbaren nat\u00fcrlichen Person. Darunter fallen Informationen wie zum Beispiel Name, Anschrift, Telefonnummer und E-Mail Adresse, aber auch die IP-Adresse, die einem Anschluss zuzuordnen ist. Informationen, die nicht direkt mit der Identit\u00e4t einer Person in Verbindung gebracht werden &#8211; wie zum Beispiel favorisierte Internetpr\u00e4senzen oder Anzahl der Nutzer einer Seite &#8211; sind keine personenbezogenen Daten.<\/p>\r\n\r\n\r\n\r\n<h3 class=\"wp-block-heading\">2) Umfang der Verarbeitung personenbezogener Daten<\/h3>\r\n\r\n\r\n\r\n<p>Wir erheben und verwenden personenbezogene Daten unserer Nutzer grunds\u00e4tzlich nur, soweit dies zur Bereitstellung einer funktionsf\u00e4higen Website sowie unserer Inhalte und Leistungen erforderlich ist. Die Erhebung und Verwendung personenbezogener Daten unserer Nutzer erfolgt regelm\u00e4\u00dfig nur nach Einwilligung des Nutzers. Eine Ausnahme gilt in solchen F\u00e4llen, in denen eine vorherige Einholung einer Einwilligung aus tats\u00e4chlichen Gr\u00fcnden nicht m\u00f6glich ist und die Verarbeitung der Daten durch gesetzliche Vorschriften gestattet ist.<\/p>\r\n\r\n\r\n\r\n<h3 class=\"wp-block-heading\">3) Rechtsgrundlage f\u00fcr die Verarbeitung personenbezogener Daten<\/h3>\r\n\r\n\r\n\r\n<p>Soweit wir f\u00fcr Verarbeitungsvorg\u00e4nge personenbezogener Daten eine Einwilligung der betroffenen Person einholen, dient Art. 6 Abs. 1 lit. a EU-Datenschutzgrundverordnung (DSGVO) als Rechtsgrundlage f\u00fcr die Verarbeitung personenbezogener Daten.<\/p>\r\n\r\n\r\n\r\n<p>Bei der Verarbeitung von personenbezogenen Daten, die zur Erf\u00fcllung eines Vertrages, dessen Vertragspartei die betroffene Person ist, erforderlich ist, dient Art. 6 Abs. 1 lit. b DSGVO als Rechtsgrundlage. Dies gilt auch f\u00fcr Verarbeitungsvorg\u00e4nge, die zur Durchf\u00fchrung vorvertraglicher Ma\u00dfnahmen erforderlich sind.<\/p>\r\n\r\n\r\n\r\n<p>Ist die Verarbeitung zur Wahrung eines berechtigten Interesses unseres Unternehmens oder eines Dritten erforderlich und \u00fcberwiegen die Interessen, Grundrechte und Grundfreiheiten des Betroffenen das erstgenannte Interesse nicht, so dient Art. 6 Abs. 1 lit. f DSGVO als Rechtsgrundlage f\u00fcr die Verarbeitung.<\/p>\r\n\r\n\r\n\r\n<h3 class=\"wp-block-heading\">4) Datenl\u00f6schung und Speicherdauer<\/h3>\r\n\r\n\r\n\r\n<p>Die personenbezogenen Daten der betroffenen Person werden gel\u00f6scht oder gesperrt, sobald der Zweck der Speicherung entf\u00e4llt. Eine Speicherung kann dar\u00fcber hinaus dann erfolgen, wenn dies durch den europ\u00e4ischen oder nationalen Gesetzgeber in unionsrechtlichen Verordnungen, Gesetzen oder sonstigen Vorschriften, denen wir unterliegen, vorgesehen wurde. Eine Sperrung oder L\u00f6schung der Daten erfolgt auch dann, wenn eine durch die genannten Normen vorgeschriebene Speicherfrist abl\u00e4uft, es sei denn, dass eine Erforderlichkeit zur weiteren Speicherung der Daten f\u00fcr einen Vertragsabschluss oder eine Vertragserf\u00fcllung besteht.<\/p>\r\n\r\n\r\n\r\n<p><strong>B. Bereitstellung der Website und Erstellung von Logfiles<\/strong><\/p>\r\n\r\n\r\n\r\n<p>Bei jedem Aufruf unserer Internetseite werden durch ein automatisiertes System Daten und Informationen von uns erfasst.<\/p>\r\n\r\n\r\n\r\n<p>Folgende Daten werden hierbei erhoben:<\/p>\r\n\r\n\r\n\r\n<p>(1)\u00a0 Informationen \u00fcber den Browsertyp und die verwendete Version<\/p>\r\n\r\n\r\n\r\n<p>(2)\u00a0 Das Betriebssystem des Nutzers<\/p>\r\n\r\n\r\n\r\n<p>(3)\u00a0 Den Internet-Service Provider des Nutzers<\/p>\r\n\r\n\r\n\r\n<p>(4)\u00a0 Die IP-Adresse des Nutzers<\/p>\r\n\r\n\r\n\r\n<p>(5)\u00a0 Datum und Uhrzeit des Zugriffs<\/p>\r\n\r\n\r\n\r\n<p>(6)\u00a0 Webseiten, von denen das System des Nutzers auf unsere Internetseite gelangt (Referrer)<\/p>\r\n\r\n\r\n\r\n<p>(7)\u00a0 Webseiten, die vom System des Nutzers \u00fcber unsere Webseite aufgerufen werden<\/p>\r\n\r\n\r\n\r\n<p>Diese Daten werden in den Logfiles unseres Systems gespeichert. Eine Speicherung dieser Daten zusammen mit anderen personenbezogenen Daten des Nutzers findet nicht statt<\/p>\r\n\r\n\r\n\r\n<p><strong>Rechtsgrundlage f\u00fcr die Datenverarbeitung<\/strong><\/p>\r\n\r\n\r\n\r\n<p>Rechtsgrundlage f\u00fcr die vor\u00fcbergehende Speicherung der Daten und der Logfiles ist Art. 6 Abs. 1 lit. f DSGVO<\/p>\r\n\r\n\r\n\r\n<p><strong>Zweck der Datenverarbeitung<\/strong><\/p>\r\n\r\n\r\n\r\n<p>Die vor\u00fcbergehende Speicherung der IP-Adresse durch das System ist notwendig, um eine Auslieferung der Website an den Rechner des Nutzers zu erm\u00f6glichen. Hierf\u00fcr muss die IP-Adresse des Nutzers f\u00fcr die Dauer der Sitzung gespeichert bleiben.<\/p>\r\n\r\n\r\n\r\n<p>Die Speicherung in Logfiles erfolgt, um die Funktionsf\u00e4higkeit der Website sicherzustellen. Zudem dienen uns die Daten zur Optimierung der Website und zur Sicherstellung \u00a0bzw. zur Sicherheit unserer informationstechnischen Systeme.<\/p>\r\n\r\n\r\n\r\n<p>In diesen Zwecken liegt auch unser berechtigtes Interesse an der Datenverarbeitung nach Art. 6 Abs. 1 lit. f DSGVO.<\/p>\r\n\r\n\r\n\r\n<h3 class=\"wp-block-heading\">Dauer der Speicherung<\/h3>\r\n\r\n\r\n\r\n<p>Die Daten werden gel\u00f6scht, sobald sie f\u00fcr die Erreichung des Zweckes ihrer Erhebung nicht mehr erforderlich sind. Im Falle der Erfassung der Daten zur Bereitstellung der Website ist dies der Fall, wenn die jeweilige Sitzung beendet ist.<\/p>\r\n\r\n\r\n\r\n<p>Im Falle der Speicherung der Daten in Logfiles ist dies nach sp\u00e4testens 30 Tagen der Fall. Eine dar\u00fcber hinausgehende Speicherung ist m\u00f6glich. In diesem Fall werden die IP-Adressen der Nutzer gel\u00f6scht oder verfremdet, sodass eine Zuordnung des aufrufenden Clients nicht mehr m\u00f6glich ist.<\/p>\r\n\r\n\r\n\r\n<h3 class=\"wp-block-heading\">Widerspruchs- und Beseitigungsm\u00f6glichkeit<\/h3>\r\n\r\n\r\n\r\n<p>Die Erfassung der Daten zur Bereitstellung der Website und die Speicherung der Daten in Logfiles ist f\u00fcr den Betrieb der Internetseite zwingend erforderlich. Es besteht folglich seitens des Nutzers keine Widerspruchsm\u00f6glichkeit.<\/p>\r\n\r\n\r\n\r\n<p><strong>C. Verwendung von Cookies<\/strong><\/p>\r\n\r\n\r\n\r\n<p>Unsere Internetseiten verwenden an mehreren Stellen \u201cCookies\u201c. Cookies sind kleine Textdateien, die auf Ihrem Rechner abgelegt werden und die Ihr Browser speichert. Dadurch wird es erm\u00f6glicht, auf Ihrem PC spezifische, auf Sie, den Nutzer, bezogene Informationen zu speichern, w\u00e4hrend Sie unsere Web-Site besuchen. Cookies helfen dabei, die Nutzungsh\u00e4ufigkeit und die Anzahl der Nutzer einer Internetseite zu ermitteln, sowie das Internetangebot f\u00fcr Sie m\u00f6glichst komfortabel und effizient zu gestalten.<\/p>\r\n\r\n\r\n\r\n<p>Wir verwenden ausschlie\u00dflich &#8222;Session-Cookies&#8220;, die nur f\u00fcr die Dauer Ihrer Nutzung einer unserer Internetseiten zwischengespeichert werden. &#8222;Session-Cookies&#8220; werden nach Ende Ihres Besuchs automatisch gel\u00f6scht.<\/p>\r\n\r\n\r\n\r\n<p>In den \u201eSession-Cookies\u201c werden dabei folgende Daten gespeichert und \u00fcbermittelt:<\/p>\r\n\r\n\r\n\r\n<p>-Sprachauswahl<\/p>\r\n\r\n\r\n\r\n<p>-Auswahl im Warenkorb<\/p>\r\n\r\n\r\n\r\n<p><strong>Rechtsgrundlage f\u00fcr die Datenverarbeitung<\/strong><\/p>\r\n\r\n\r\n\r\n<p>Die Rechtsgrundlage f\u00fcr die Verarbeitung personenbezogener Daten unter Verwendung technisch notweniger Cookies ist Art. 6 Abs. 1 lit. f DSGVO.<\/p>\r\n\r\n\r\n\r\n<p><strong>Zweck der Datenverarbeitung<\/strong><\/p>\r\n\r\n\r\n\r\n<p>Der Zweck der Verwendung technisch notwendiger Cookies ist, die Nutzung von Websites f\u00fcr die Nutzer zu vereinfachen. Einige Funktionen unserer Internetseite k\u00f6nnen ohne den Einsatz von Cookies nicht angeboten werden. F\u00fcr diese ist es erforderlich, dass der Browser auch nach einem Seitenwechsel wiedererkannt wird. Notwendig ist dies insbesondere f\u00fcr den Einkauf in unserem Shop, damit die Auswahl im Warenkorb zwischengespeichert werden kann.<\/p>\r\n\r\n\r\n\r\n<p>Die durch technisch notwendige Cookies erhobenen Nutzerdaten werden nicht zur Erstellung von Nutzerprofilen verwendet.<\/p>\r\n\r\n\r\n\r\n<h3 class=\"wp-block-heading\">Dauer der Speicherung<\/h3>\r\n\r\n\r\n\r\n<p>Cookies werden auf dem Rechner des Nutzers gespeichert und von diesem an unserer Seite \u00fcbermittelt. Daher haben Sie als Nutzer auch die volle Kontrolle \u00fcber die Verwendung von Cookies. Durch eine \u00c4nderung der Einstellungen in Ihrem Internetbrowser k\u00f6nnen Sie die \u00dcbertragung von Cookies deaktivieren oder einschr\u00e4nken. Bereits gespeicherte Cookies k\u00f6nnen jederzeit gel\u00f6scht werden. Dies kann auch automatisiert erfolgen. Werden Cookies f\u00fcr unsere Website deaktiviert, k\u00f6nnen m\u00f6glicherweise nicht mehr alle Funktionen der Website vollumf\u00e4nglich genutzt werden.<\/p>\r\n\r\n\r\n\r\n<h3 class=\"wp-block-heading\">Widerspruchs- und Beseitigungsm\u00f6glichkeit<\/h3>\r\n\r\n\r\n\r\n<p>Eine Nutzung unserer Webseite ist auch ohne Cookies m\u00f6glich. Sie k\u00f6nnen in Ihrem Browser das Speichern von Cookies deaktivieren, auf bestimmte Websites beschr\u00e4nken oder Ihren Browser so einstellen, dass er sie benachrichtigt, sobald ein Cookie gesendet wird. Bitte beachten Sie aber, dass Sie in diesem Fall mit einer eingeschr\u00e4nkten Darstellung der Seite und mit einer eingeschr\u00e4nkten Benutzerf\u00fchrung rechnen m\u00fcssen.<\/p>\r\n\r\n\r\n\r\n<p><strong>D. Registrierung als Kunde<\/strong><\/p>\r\n\r\n\r\n\r\n<p>Eine Bestellung kann als Gast ohne Registrierung oder mit Anlegen eines Kundenkontos erfolgen. Im Falle der Bestellung als Gast ben\u00f6tigen wird lediglich die f\u00fcr die Abwicklung des Vertrages und den Versand der bestellten Ware erforderlichen Daten wie Name, Vorname, Anschrift und E-Mail Adresse.<\/p>\r\n\r\n\r\n\r\n<p>Im Falle der Registrierung als Kunde werden die von Ihnen in bei der Registrierung in der jeweiligen Eingabemaske eingegebenen Daten an uns \u00fcbermittelt. Die Registrierung setzt die Eingabe des Namens, Vornamens, der Anschrift, der E-Mail Adresse und eines Passwortes voraus.<\/p>\r\n\r\n\r\n\r\n<p>Im Zeitpunkt der Registrierung werden zudem die IP-Adresse des Nutzers sowie das Datum und die Uhrzeit der Registrierung gespeichert.<\/p>\r\n\r\n\r\n\r\n<p>Im Rahmen des Registrierungsprozesses wird eine Einwilligung des Nutzers zur Verarbeitung dieser Daten eingeholt.<\/p>\r\n\r\n\r\n\r\n<p><strong>Rechtsgrundlage f\u00fcr die Datenverarbeitung<\/strong><\/p>\r\n\r\n\r\n\r\n<p>Rechtsgrundlage f\u00fcr die Verarbeitung der Daten ist bei Vorliegen einer Einwilligung des Nutzers Art. 6 Abs. 1 lit. a DSGVO. Dient die Registrierung der Erf\u00fcllung eines Vertrages, dessen Vertragspartei der Nutzer ist oder der Durchf\u00fchrung vorvertraglicher Ma\u00dfnahmen, so ist zus\u00e4tzliche Rechtsgrundlage f\u00fcr die Verarbeitung der Daten Art. 6 Abs. 1 lit. b DSGVO.<\/p>\r\n\r\n\r\n\r\n<p><strong>Zweck der Datenverarbeitung<\/strong><\/p>\r\n\r\n\r\n\r\n<p>Eine Eingabe der Vertragsdaten des Nutzers ist zur Erf\u00fcllung eines Vertrages mit dem Nutzer oder zur Durchf\u00fchrung vorvertraglicher Ma\u00dfnahmen erforderlich. Bei einer Registrierung werden die hinterlegten Daten bei erneuter Anmeldung angezeigt und m\u00fcssen nicht erneut eingegeben werden. Die bei Registrierung eingegebenen Daten werden dar\u00fcber hinaus als Ihre Kontaktdaten beim Abschluss eines Vertrages zu Grunde gelegt.<\/p>\r\n\r\n\r\n\r\n<h3 class=\"wp-block-heading\">Dauer der Speicherung<\/h3>\r\n\r\n\r\n\r\n<p>Die Daten werden gel\u00f6scht, sobald sie f\u00fcr die Erreichung des Zweckes ihrer Erhebung nicht mehr erforderlich sind. Dies ist f\u00fcr die w\u00e4hrend des Registrierungsvorgangs zur Erf\u00fcllung eines Vertrags oder zur Durchf\u00fchrung vorvertraglicher Ma\u00dfnahmen erhobenen Daten dann der Fall, wenn diese Daten f\u00fcr die Durchf\u00fchrung des Vertrages nicht mehr ben\u00f6tigt werden. Auch nach Abschluss des Vertrags kann eine Erforderlichkeit, personenbezogene Daten des Vertragspartners zu speichern, bestehen, um vertraglichen oder gesetzlichen Verpflichtungen nachzukommen.<\/p>\r\n\r\n\r\n\r\n<h3 class=\"wp-block-heading\">Widerspruchs- und Beseitigungsm\u00f6glichkeit<\/h3>\r\n\r\n\r\n\r\n<p>Als Nutzer haben sie jederzeit die M\u00f6glichkeit, die Registrierung aufzul\u00f6sen. Die \u00fcber Sie gespeicherten Daten k\u00f6nnen Sie jederzeit ab\u00e4ndern lassen. Eine Bearbeitung Ihrer Daten k\u00f6nnen Sie nach dem Einloggen als registrierter Nutzer vornehmen und hierbei alle eingegebenen Daten entfernen oder ver\u00e4ndern.<\/p>\r\n\r\n\r\n\r\n<p><strong>E. Anmeldung zum Newsletter<\/strong><\/p>\r\n\r\n\r\n\r\n<p>Aboniert ein Nutzer den von uns angebotenen Newsletter, so ist die Eingabe der\u00a0 E-Mail Adresse in der jeweiligen Eingabemaske erforderlich. Bei der An- und bei der Abmeldung zum und vom Newsletter werden die IP-Adresse des Nutzers sowie Datum und Uhrzeit der Registrierung gespeichert.<\/p>\r\n\r\n\r\n\r\n<p>F\u00fcr die Verarbeitung der Daten wird im Rahmen des Anmeldevorgang Ihre Einwilligung eingeholt und auf diese Datenschutzerkl\u00e4rung verwiesen.<\/p>\r\n\r\n\r\n\r\n<p>Es erfolgt im Zusammenhang mit der Datenverarbeitung f\u00fcr den Versand von Newslettern keine Weitergabe der Daten an Dritte. Die Daten werden ausschlie\u00dflich f\u00fcr den Versand des Newsletters verwendet.<\/p>\r\n\r\n\r\n\r\n<p>Das Abonnement des Newsletters kann durch die betroffene Person jederzeit gek\u00fcndigt werden. Ebenso kann die Einwilligung in die Speicherung der personenbezogenen Daten jederzeit widerrufen werden. Zu diesem Zweck findet sich in jedem Newsletter ein entsprechender Link.<\/p>\r\n\r\n\r\n\r\n<p><strong>Rechtsgrundlage f\u00fcr die Datenverarbeitung<\/strong><\/p>\r\n\r\n\r\n\r\n<p>Rechtsgrundlage f\u00fcr die Verarbeitung der Daten nach Anmeldung zum Newsletters durch den Nutzer ist bei Vorliegen einer Einwilligung des Nutzers Art. 6 Abs. 1 lit. a DSGVO<strong>.<\/strong><\/p>\r\n\r\n\r\n\r\n<p><strong>Zweck der Datenverarbeitung<\/strong><\/p>\r\n\r\n\r\n\r\n<p>Die Erhebung der E-Mail-Adresse des Nutzers dient dazu, den Newsletter zuzustellen.<\/p>\r\n\r\n\r\n\r\n<p>Die Erhebung sonstiger personenbezogener Daten im Rahmen des Anmeldevorgangs dient dazu, einen Missbrauch der Dienste oder der verwendeten E-Mail-Adresse zu verhindern.<\/p>\r\n\r\n\r\n\r\n<h3 class=\"wp-block-heading\">Dauer der Speicherung<\/h3>\r\n\r\n\r\n\r\n<p>Die Daten werden gel\u00f6scht, sobald sie f\u00fcr die Erreichung des Zweckes ihrer Erhebung nicht mehr erforderlich sind. Dies ist dann der Fall, wenn Sie sich f\u00fcr den Bezug des Newsletters abgemeldet haben. Die sonstigen im Rahmen des Anmeldevorgangs erhobenen personenbezogenen Daten werden in der Regel nach einer Frist von sechs Wochen gel\u00f6scht.<\/p>\r\n\r\n\r\n\r\n<h3 class=\"wp-block-heading\">Widerspruchs- und Beseitigungsm\u00f6glichkeit<\/h3>\r\n\r\n\r\n\r\n<p>Das Abonnement des Newsletters kann durch den betroffenen Nutzer jederzeit gek\u00fcndigt werden. Zu diesem Zweck findet sich in jedem Newsletter ein entsprechender Link.<\/p>\r\n\r\n\r\n\r\n<p>Hierdurch wird ebenfalls ein Widerruf der Einwilligung der Speicherung der w\u00e4hrend des Anmeldevorgangs erhobenen personenbezogenen Daten erm\u00f6glicht.<\/p>\r\n\r\n\r\n\r\n<p><strong>F. Kontaktaufnahme per E-Mail oder Kontaktformular<\/strong><\/p>\r\n\r\n\r\n\r\n<p>Auf unserer Internetseite ist ein Kontaktformular eingebunden, das f\u00fcr die elektronische Kontaktaufnahme genutzt werden kann. Alternativ ist eine Kontaktaufnahme \u00fcber die bereitgestellte E-Mail-Adresse m\u00f6glich.<\/p>\r\n\r\n\r\n\r\n<p>Nehmen Sie \u00fcber das Kontaktformular Kontakt mit uns auf, so werden in jedem Fall Ihr Name, Ihr Vorname, Ihre E-Mail Adresse und Ihre Nachricht an uns \u00fcbermittelt. Zudem erfolgt eine Speicherung der IP-Adresse des Nutzers und des Datums und der Uhrzeit.<\/p>\r\n\r\n\r\n\r\n<p>F\u00fcr die Verarbeitung der Daten wird im Rahmen des Absendevorgangs Ihre Einwilligung eingeholt und auf diese Datenschutzerkl\u00e4rung verwiesen.<\/p>\r\n\r\n\r\n\r\n<p>Bei einer Kontaktaufnahme per E-Mail wird Ihre E-Mail Adresse und Ihre Nachricht an uns \u00fcbermittelt und von uns gespeichert.<\/p>\r\n\r\n\r\n\r\n<p><strong>Rechtsgrundlage f\u00fcr die Datenverarbeitung<\/strong><\/p>\r\n\r\n\r\n\r\n<p>Rechtsgrundlage f\u00fcr die Verarbeitung der Daten ist bei Vorliegen einer Einwilligung des Nutzers Art. 6 Abs. 1 lit. a DSGVO.<\/p>\r\n\r\n\r\n\r\n<p>Rechtsgrundlage f\u00fcr die Verarbeitung der Daten, die im Zuge einer \u00dcbersendung einer E-Mail \u00fcbermittelt werden, ist Art. 6 Abs. 1 lit. f DSGVO. Zielt ein E-Mail-Kontakt auf den Abschluss eines Vertrages ab, so ist zus\u00e4tzliche Rechtsgrundlage f\u00fcr die Verarbeitung Art. 6 Abs. 1 lit. b DSGVO.<\/p>\r\n\r\n\r\n\r\n<p><strong>Zweck der Datenverarbeitung<\/strong><\/p>\r\n\r\n\r\n\r\n<p>Die Verarbeitung der personenbezogenen Daten aus der Eingabemaske des Kontaktformulars dient uns allein zur Bearbeitung der Kontaktaufnahme. Im Falle einer Kontaktaufnahme per E-Mail liegt hieran auch das erforderliche berechtigte Interesse an der Verarbeitung der Daten.<\/p>\r\n\r\n\r\n\r\n<p>Die sonstigen w\u00e4hrend des Absendevorgangs verarbeiteten personenbezogenen Daten dienen dazu, einen Missbrauch des Kontaktformulars zu verhindern und die Sicherheit unserer informationstechnischen Systeme sicherzustellen.<\/p>\r\n\r\n\r\n\r\n<h3 class=\"wp-block-heading\">Dauer der Speicherung<\/h3>\r\n\r\n\r\n\r\n<p>Die Daten werden nach Ablauf der handels- und steuerrechtlichen Aufbewahrungspflichten gel\u00f6scht.<\/p>\r\n\r\n\r\n\r\n<h3 class=\"wp-block-heading\">Widerspruchs- und Beseitigungsm\u00f6glichkeit<\/h3>\r\n\r\n\r\n\r\n<p>Der Nutzer hat jederzeit die M\u00f6glichkeit, seine Einwilligung zur Verarbeitung der personenbezogenen Daten zu widerrufen. Nimmt der Nutzer per E-Mail Kontakt mit uns auf, so kann er der Speicherung seiner personenbezogenen Daten jederzeit widersprechen. In einem solchen Fall kann die Konversation nicht fortgef\u00fchrt werden. Der Widerruf kann durch \u00dcbersenden einer E-Mail oder durch telefonische oder postalische Kontaktaufnahme mit uns erfolgen.<\/p>\r\n\r\n\r\n\r\n<p>Alle personenbezogenen Daten, die im Zuge der Kontaktaufnahme gespeichert wurden, werden in diesem Fall gel\u00f6scht.<\/p>\r\n\r\n\r\n\r\n<p><strong>G.\u00a0<\/strong><strong>Sonstige Weitergabe der Daten an Dritte<\/strong><\/p>\r\n\r\n\r\n\r\n<p>1) Die von Ihnen get\u00e4tigte Bestellung wird nicht von uns selbst, sondern von unserem Partner, Notenversand Kurt Maas, Eugen &#8211; Friedl &#8211; Stra\u00dfe 3A , 82340 Feldafing, Telefon: 08157 \/ 997950 (Mo-Fr: 09:00-13:00 und 14:00-17:00 Uhr) ausgef\u00fchrt. Unser Partner Kurt Maas \u00fcbernimmt auch das Inkasso in unserem Namen.<\/p>\r\n\r\n\r\n\r\n<p>Zu diesem Zweck \u00fcbergeben wir die bei der Bestellung angegebenen Daten bestehend aus Name, Vorname, Anschrift, E-Mail Adresse, Telefonnummer und weiterer freiwillig eingegebener Daten sowie Angaben zu der gekauften Ware und dem Kaufpreis an den Notenversand Kurt Maas zum Zweck der Ausf\u00fchrung und Abwicklung der Bestellung in unserem Namen.<\/p>\r\n\r\n\r\n\r\n<p>Ihre Daten werden sowohl bei uns als Ihrem Vertragspartner als auch bei dem Notenversand Kurt Maas gespeichert.<\/p>\r\n\r\n\r\n\r\n<p>Kurt Maas kontaktiert Sie auch bez\u00fcglich der Zahlung und ist berechtigt, die Zahlung der versandten Ware in unserem Auftrag entgegen zu nehmen.<\/p>\r\n\r\n\r\n\r\n<p>Rechtsgrundlage f\u00fcr die Datenverarbeitung durch Kurt Maas ist Art. 6 Abs. 1 lit. b DSGVO. Eine Auslieferung der Ware ist uns insbesondere mangels entsprechendem Notenlager nicht selbst m\u00f6glich.<\/p>\r\n\r\n\r\n\r\n<p>2) Im Rahmen der Ausf\u00fchrung der get\u00e4tigten Bestellung ist es weiterhin notwendig, dass wir Ihren Namen und Ihre Anschrift bestehend aus Stra\u00dfe und Wohnort an unseren Zahlungsdienstleister und an den Paketdienstleister \u00fcbermitteln. Die \u00dcbermittlung ist notwendig, um Ihre Zahlung abschlie\u00dfen und Ihre Bestellung ausliefern zu k\u00f6nnen. Die \u00dcbermittlung der Daten beschr\u00e4nkt sich hierbei auf das erforderliche Minimum. Rechtsgrundlage hierf\u00fcr ist Art. 6 Abs. 1 lit. b DSGVO.<\/p>\r\n\r\n\r\n\r\n<p>Haben Sie eine Avisierung des Liefertermins durch den Paketdienstleister gew\u00fcnscht, wird auch Ihre E-Mail Adresse an den Paketdienstleister \u00fcbermittelt. Die E-Mail Adresse wird von dem Paketdienstleister allein zur Avisierung des Liefertermins genutzt. Rechtsgrundlage hierf\u00fcr ist Art. 6 Abs. 1 lit. a DSGVO.<\/p>\r\n\r\n\r\n\r\n<p>Mit Aufgabe der Bestellung erkl\u00e4ren Sie Ihr Einverst\u00e4ndnis damit, dass die oben beschriebenen Daten zur Zahlungsabwicklung und zur Auslieferung der Ware an den Notenversand Kurt Maas sowie an unsere Zahlungsdienstleister und Paketdienstleister \u00fcbertragen werden Hinsichtlich Ihrer Rechte gelten die in diesem und den nachfolgenden Abschnitten aufgef\u00fchrten Bestimmungen entsprechend.<\/p>\r\n\r\n\r\n\r\n<p><strong>H. Rechte der betroffenen Person<\/strong><\/p>\r\n\r\n\r\n\r\n<p>Werden personenbezogene Daten von Ihnen verarbeitet, sind Sie Betroffener i.S.d. DS-GVO und es stehen Ihnen folgende Rechte gegen\u00fcber uns (\u201edem Verantwortlichen\u201c) zu:<\/p>\r\n\r\n\r\n\r\n<p><strong>1) Auskunftsrecht<\/strong><\/p>\r\n\r\n\r\n\r\n<p>Sie k\u00f6nnen eine Best\u00e4tigung dar\u00fcber verlangen, ob personenbezogene Daten, die Sie betreffen, von uns verarbeitet werden.<\/p>\r\n\r\n\r\n\r\n<p>Liegt eine solche Verarbeitung vor, k\u00f6nnen Sie von uns \u00fcber folgende Informationen Auskunft verlangen:<\/p>\r\n\r\n\r\n\r\n<p>a.\u00a0\u00a0\u00a0\u00a0\u00a0\u00a0 die Zwecke, zu denen die personenbezogenen Daten verarbeitet werden;<\/p>\r\n\r\n\r\n\r\n<p>b.\u00a0\u00a0\u00a0\u00a0\u00a0\u00a0 die Kategorien von personenbezogenen Daten, welche verarbeitet werden;<\/p>\r\n\r\n\r\n\r\n<p>c.\u00a0\u00a0\u00a0\u00a0\u00a0\u00a0 die Empf\u00e4nger bzw. die Kategorien von Empf\u00e4ngern, gegen\u00fcber denen die Sie betreffenden personenbezogenen Daten offen gelegt wurden oder noch offen gelegt werden;<\/p>\r\n\r\n\r\n\r\n<p>d.\u00a0\u00a0\u00a0\u00a0\u00a0\u00a0 die geplante Dauer der Speicherung der Sie betreffenden personenbezogenen Daten oder, falls konkrete Angaben hierzu nicht m\u00f6glich sind, Kriterien f\u00fcr die Festlegung der Speicherdauer;<\/p>\r\n\r\n\r\n\r\n<p>e.\u00a0\u00a0\u00a0\u00a0\u00a0\u00a0 das Bestehen eines Rechts auf Berichtigung oder L\u00f6schung der Sie betreffenden personenbezogenen Daten, eines Rechts auf Einschr\u00e4nkung der Verarbeitung durch uns oder eines Widerspruchsrechts gegen diese Verarbeitung;<\/p>\r\n\r\n\r\n\r\n<p>f.\u00a0\u00a0\u00a0\u00a0\u00a0\u00a0\u00a0 das Bestehen eines Beschwerderechts bei einer Aufsichtsbeh\u00f6rde;<\/p>\r\n\r\n\r\n\r\n<p>g.\u00a0\u00a0\u00a0\u00a0\u00a0\u00a0 alle verf\u00fcgbaren Informationen \u00fcber die Herkunft der Daten, wenn die personenbezogenen Daten nicht bei der betroffenen Person erhoben werden;<\/p>\r\n\r\n\r\n\r\n<p>h.\u00a0\u00a0\u00a0\u00a0\u00a0\u00a0 das Bestehen einer automatisierten Entscheidungsfindung einschlie\u00dflich Profiling gem\u00e4\u00df Art. 22 Abs. 1 und 4 DS-GVO und \u2013 zumindest in diesen F\u00e4llen \u2013 aussagekr\u00e4ftige Informationen \u00fcber die involvierte Logik sowie die Tragweite und die angestrebten Auswirkungen einer derartigen Verarbeitung f\u00fcr die betroffene Person.<\/p>\r\n\r\n\r\n\r\n<p>Ihnen steht das Recht zu, Auskunft dar\u00fcber zu verlangen, ob die Sie betreffenden personenbezogenen Daten in ein Drittland oder an eine internationale Organisation \u00fcbermittelt werden. In diesem Zusammenhang k\u00f6nnen Sie verlangen, \u00fcber die geeigneten Garantien gem. Art. 46 DS-GVO im Zusammenhang mit der \u00dcbermittlung unterrichtet zu werden.<\/p>\r\n\r\n\r\n\r\n<p><strong>2) Recht auf Berichtigung<\/strong><\/p>\r\n\r\n\r\n\r\n<p>Sie haben ein Recht auf Berichtigung und\/oder Vervollst\u00e4ndigung, sofern die verarbeiteten personenbezogenen Daten, die Sie betreffen, unrichtig oder unvollst\u00e4ndig sind. Die Berichtigung ist von uns unverz\u00fcglich vorzunehmen.<\/p>\r\n\r\n\r\n\r\n<p><strong>3) Recht auf L\u00f6schung<\/strong><\/p>\r\n\r\n\r\n\r\n<p>3.1) Sie k\u00f6nnen von uns verlangen, dass die Sie betreffenden personenbezogenen Daten unverz\u00fcglich gel\u00f6scht werden, und wir sind verpflichtet, diese Daten unverz\u00fcglich zu l\u00f6schen, sofern einer der folgenden Gr\u00fcnde zutrifft:<\/p>\r\n\r\n\r\n\r\n<p>a.\u00a0\u00a0\u00a0\u00a0\u00a0\u00a0 Die Sie betreffenden personenbezogenen Daten sind f\u00fcr die Zwecke, f\u00fcr die sie erhoben oder auf sonstige Weise verarbeitet wurden, nicht mehr notwendig.<\/p>\r\n\r\n\r\n\r\n<p>b.\u00a0\u00a0\u00a0\u00a0\u00a0\u00a0 Sie widerrufen Ihre Einwilligung, auf die sich die Verarbeitung gem. Art. 6 Abs. 1 lit. a oder Art. 9 Abs. 2 lit. a DS-GVO st\u00fctzte, und es fehlt an einer anderweitigen Rechtsgrundlage f\u00fcr die Verarbeitung.<\/p>\r\n\r\n\r\n\r\n<p>c.\u00a0\u00a0\u00a0\u00a0\u00a0\u00a0 Sie legen gem. Art. 21 Abs. 1 DS-GVO Widerspruch gegen die Verarbeitung ein und es liegen keine vorrangigen berechtigten Gr\u00fcnde f\u00fcr die Verarbeitung vor, oder die Sie legen gem. Art. 21 Abs. 2 DS-GVO Widerspruch gegen die Verarbeitung ein.<\/p>\r\n\r\n\r\n\r\n<p>d.\u00a0\u00a0\u00a0\u00a0\u00a0\u00a0 Die Sie betreffenden personenbezogenen Daten wurden unrechtm\u00e4\u00dfig verarbeitet.<\/p>\r\n\r\n\r\n\r\n<p>e.\u00a0\u00a0\u00a0\u00a0\u00a0\u00a0 Die L\u00f6schung der Sie betreffenden personenbezogenen Daten ist zur Erf\u00fcllung einer rechtlichen Verpflichtung nach dem Unionsrecht oder dem Recht der Bundesrepublik Deutschland erforderlich.<\/p>\r\n\r\n\r\n\r\n<p>f.\u00a0\u00a0\u00a0\u00a0\u00a0\u00a0\u00a0 Die Sie betreffenden personenbezogenen Daten wurden in Bezug auf angebotene Dienste der Informationsgesellschaft gem\u00e4\u00df Art. 8 Abs. 1 DS-GVO erhoben.<\/p>\r\n\r\n\r\n\r\n<p>3.2) Haben wir die Sie betreffenden personenbezogenen Daten \u00f6ffentlich gemacht und sind wir gem. Art. 17 Abs. 1 DS-GVO zu deren L\u00f6schung verpflichtet, so treffen wir unter Ber\u00fccksichtigung der verf\u00fcgbaren Technologie und der Implementierungskosten angemessene Ma\u00dfnahmen, auch technischer Art, um f\u00fcr die Datenverarbeitung Verantwortliche, die die personenbezogenen Daten verarbeiten, dar\u00fcber zu informieren, dass Sie als betroffene Person von ihnen die L\u00f6schung aller Links zu diesen personenbezogenen Daten oder von Kopien oder Replikationen dieser personenbezogenen Daten verlangt haben.<\/p>\r\n\r\n\r\n\r\n<p>3.3) Das Recht auf L\u00f6schung besteht nicht, soweit die Verarbeitung erforderlich ist<\/p>\r\n\r\n\r\n\r\n<p>a.\u00a0\u00a0\u00a0\u00a0\u00a0\u00a0 zur Aus\u00fcbung des Rechts auf freie Meinungs\u00e4u\u00dferung und Information;<\/p>\r\n\r\n\r\n\r\n<p>b.\u00a0\u00a0\u00a0\u00a0\u00a0\u00a0 zur Erf\u00fcllung einer rechtlichen Verpflichtung, die die Verarbeitung nach dem Recht der Union oder der Bundesrepublik Deutschland erfordert, oder zur Wahrnehmung einer Aufgabe, die im \u00f6ffentlichen Interesse liegt;<\/p>\r\n\r\n\r\n\r\n<p>c.\u00a0\u00a0\u00a0\u00a0\u00a0\u00a0 aus Gr\u00fcnden des \u00f6ffentlichen Interesses im Bereich der \u00f6ffentlichen Gesundheit gem\u00e4\u00df Art. 9 Abs.\u00a0 2 lit. h und i sowie Art. 9 Ab. 3 DS-GVO;<\/p>\r\n\r\n\r\n\r\n<p>d.\u00a0\u00a0\u00a0\u00a0\u00a0\u00a0 f\u00fcr im \u00f6ffentlichen Interesse liegende Archivzwecke, wissenschaftliche oder historische Forschungszwecke oder f\u00fcr statistische Zwecke gem. Art. 89 Abs. 1 DS-GVO, soweit das in Abs. 1 genannte Recht voraussichtlich die Verwirklichung der Ziele dieser Verarbeitung unm\u00f6glich macht oder ernsthaft beeintr\u00e4chtigt, oder<\/p>\r\n\r\n\r\n\r\n<p>e.\u00a0\u00a0\u00a0\u00a0\u00a0\u00a0 zur Geltendmachung, Aus\u00fcbung oder Verteidigung von Rechtsanspr\u00fcchen.<\/p>\r\n\r\n\r\n\r\n<p><strong>4) Recht auf Einschr\u00e4nkung der Verarbeitung<\/strong><\/p>\r\n\r\n\r\n\r\n<p>Unter den folgenden Voraussetzungen k\u00f6nnen Sie die Einschr\u00e4nkung der Verarbeitung der Sie betreffenden personenbezogenen Daten verlangen:<\/p>\r\n\r\n\r\n\r\n<p>a.\u00a0\u00a0\u00a0\u00a0\u00a0\u00a0 wenn Sie die Richtigkeit der Sie betreffenden personenbezogenen f\u00fcr eine Dauer bestreiten, die es uns erm\u00f6glicht, die Richtigkeit der personenbezogenen Daten zu \u00fcberpr\u00fcfen;<\/p>\r\n\r\n\r\n\r\n<p>b.\u00a0\u00a0\u00a0\u00a0\u00a0\u00a0 die Verarbeitung unrechtm\u00e4\u00dfig ist und Sie die L\u00f6schung der personenbezogenen Daten ablehnen und stattdessen die Einschr\u00e4nkung der Nutzung der personenbezogenen Daten verlangen;<\/p>\r\n\r\n\r\n\r\n<p>c.\u00a0\u00a0\u00a0\u00a0\u00a0\u00a0 wir die personenbezogenen Daten f\u00fcr die Zwecke der Verarbeitung nicht l\u00e4nger ben\u00f6tigen, Sie diese jedoch zur Geltendmachung, Aus\u00fcbung oder Verteidigung von Rechtsanspr\u00fcchen ben\u00f6tigen, oder<\/p>\r\n\r\n\r\n\r\n<p>d.\u00a0\u00a0\u00a0\u00a0\u00a0\u00a0 wenn Sie Widerspruch gegen die Verarbeitung gem\u00e4\u00df Art. 21 Abs. 1 DS-GVO eingelegt haben und noch nicht feststeht, ob unsere berechtigten Gr\u00fcnde gegen\u00fcber Ihren Gr\u00fcnden \u00fcberwiegen.<\/p>\r\n\r\n\r\n\r\n<p>Wurde die Verarbeitung der Sie betreffenden personenbezogenen Daten eingeschr\u00e4nkt, d\u00fcrfen diese Daten \u2013 von ihrer Speicherung abgesehen \u2013 nur mit Ihrer Einwilligung oder zur Geltendmachung, Aus\u00fcbung oder Verteidigung von Rechtsanspr\u00fcchen oder zum Schutz der Rechte einer anderen nat\u00fcrlichen oder juristischen Person oder aus Gr\u00fcnden eines wichtigen \u00f6ffentlichen Interesses der Union oder eines Mitgliedstaats verarbeitet werden.<\/p>\r\n\r\n\r\n\r\n<p>Wurde die Einschr\u00e4nkung der Verarbeitung nach den o.g. Voraussetzungen eingeschr\u00e4nkt, werden Sie von uns unterrichtet, bevor die Einschr\u00e4nkung aufgehoben wird.<\/p>\r\n\r\n\r\n\r\n<p><strong>5) Recht auf Unterrichtung<\/strong><\/p>\r\n\r\n\r\n\r\n<p>Haben Sie das Recht auf Berichtigung, L\u00f6schung oder Einschr\u00e4nkung der Verarbeitung geltend gemacht, sind wir verpflichtet, allen Empf\u00e4ngern, denen die Sie betreffenden personenbezogenen Daten offen gelegt wurden, diese Berichtigung oder L\u00f6schung der Daten oder Einschr\u00e4nkung der Verarbeitung mitzuteilen, es sei denn, dies erweist sich als unm\u00f6glich oder ist mit einem unverh\u00e4ltnism\u00e4\u00dfigen Aufwand verbunden.<\/p>\r\n\r\n\r\n\r\n<p>Ihnen steht ferner das Recht zu, \u00fcber diese Empf\u00e4nger unterrichtet zu werden.<\/p>\r\n\r\n\r\n\r\n<p><strong>6) Recht auf Daten\u00fcbertragbarkeit<\/strong><\/p>\r\n\r\n\r\n\r\n<p>Sie haben das das Recht, die Sie betreffenden personenbezogenen Daten, die Sie uns bereitgestellt haben, in einem strukturierten, g\u00e4ngigen und maschinenlesbaren Format zu erhalten. Au\u00dferdem haben Sie das Recht diese Daten einem anderen Verantwortlichen ohne Behinderung durch uns zu \u00fcbermitteln, sofern<\/p>\r\n\r\n\r\n\r\n<p>a.\u00a0\u00a0\u00a0\u00a0\u00a0\u00a0 die Verarbeitung auf einer Einwilligung gem. Art. 6 Abs. 1 lit. a DS-GVO oder Art. 9 Abs. 2 lit. a DS-GVO oder auf einem Vertrag gem. Art. 6 Abs. 1 lit. b DS-GVO beruht und<\/p>\r\n\r\n\r\n\r\n<p>b.\u00a0\u00a0\u00a0\u00a0\u00a0\u00a0 die Verarbeitung mithilfe automatisierter Verfahren erfolgt.<\/p>\r\n\r\n\r\n\r\n<p>In Aus\u00fcbung dieses Rechts haben Sie ferner das Recht zu erwirken, dass die Sie betreffenden personenbezogenen Daten direkt von einem Verantwortlichen einem anderen Verantwortlichen \u00fcbermittelt werden, soweit dies technisch machbar ist. Freiheiten und Rechte anderer Personen d\u00fcrfen hierdurch nicht beeintr\u00e4chtigt werden.<\/p>\r\n\r\n\r\n\r\n<p>Das Recht auf Daten\u00fcbertragbarkeit gilt nicht f\u00fcr eine Verarbeitung personenbezogener Daten, die f\u00fcr die Wahrnehmung einer Aufgabe erforderlich ist, die im \u00f6ffentlichen Interesse liegt.<\/p>\r\n\r\n\r\n\r\n<p><strong>7) Widerspruchsrecht<\/strong><\/p>\r\n\r\n\r\n\r\n<p>Sie haben das Recht, aus Gr\u00fcnden, die sich aus ihrer besonderen Situation ergeben, jederzeit gegen die Verarbeitung der Sie betreffenden personenbezogenen Daten, die aufgrund von Art. 6 Abs. 1 lit. e oder f DS-GVO erfolgt, Widerspruch einzulegen; dies gilt auch f\u00fcr ein auf diese Bestimmungen gest\u00fctztes Profiling.<\/p>\r\n\r\n\r\n\r\n<p>Nach einem Widerspruch verarbeiten wir die Sie betreffenden personenbezogenen Daten nicht mehr, es sei denn, wir k\u00f6nnen zwingende schutzw\u00fcrdige Gr\u00fcnde f\u00fcr die Verarbeitung nachweisen, die Ihren Interessen, Rechten und Freiheiten \u00fcberwiegen, oder die Verarbeitung dient der Geltendmachung, Aus\u00fcbung oder Verteidigung von Rechtsanspr\u00fcchen.<\/p>\r\n\r\n\r\n\r\n<p><strong>8) Recht auf Widerruf der datenschutzrechtlichen Einwilligungserkl\u00e4rung<\/strong><\/p>\r\n\r\n\r\n\r\n<p>Sie haben das Recht, Ihre datenschutzrechtliche Einwilligungserkl\u00e4rung jederzeit zu widerrufen. Durch den Widerruf der Einwilligung wird die Rechtm\u00e4\u00dfigkeit der aufgrund der Einwilligung bis zum Widerruf erfolgten Verarbeitung nicht ber\u00fchrt.<\/p>\r\n\r\n\r\n\r\n<p><strong>9) Automatisierte Entscheidung im Einzelfall einschlie\u00dflich Profiling<\/strong><\/p>\r\n\r\n\r\n\r\n<p>Sie haben das Recht, nicht einer ausschlie\u00dflich auf einer automatisierten Verarbeitung \u2013 einschlie\u00dflich Profiling \u2013 beruhenden Entscheidung unterworfen zu werden, die Ihnen gegen\u00fcber rechtliche Wirkung entfaltet oder Sie in \u00e4hnlicher Weise erheblich beeintr\u00e4chtigt. Dies gilt nicht, wenn die Entscheidung<\/p>\r\n\r\n\r\n\r\n<p>a.\u00a0\u00a0\u00a0\u00a0\u00a0\u00a0 f\u00fcr den Abschluss oder die Erf\u00fcllung eines Vertrags zwischen Ihnen und uns erforderlich ist,<\/p>\r\n\r\n\r\n\r\n<p>b.\u00a0\u00a0\u00a0\u00a0\u00a0\u00a0 aufgrund von Rechtsvorschriften der Union oder der Bundesrepublik Deutschland zul\u00e4ssig ist und diese Rechtsvorschriften angemessene Ma\u00dfnahmen zur Wahrung Ihrer Rechte und Freiheiten sowie Ihrer berechtigten Interessen enthalten oder<\/p>\r\n\r\n\r\n\r\n<p>c.\u00a0\u00a0\u00a0\u00a0\u00a0\u00a0 mit Ihrer ausdr\u00fccklichen Einwilligung erfolgt.<\/p>\r\n\r\n\r\n\r\n<p>Allerdings d\u00fcrfen diese Entscheidungen nicht auf besonderen Kategorien personenbezogener Daten nach Art. 9 Abs. 1 DS-GVO beruhen, sofern nicht Art. 9 Abs. 2 lit. a oder g gilt und angemessene Ma\u00dfnahmen zum Schutz der Rechte und Freiheiten sowie Ihrer berechtigten Interessen getroffen wurden.<\/p>\r\n\r\n\r\n\r\n<p>Hinsichtlich der in a. und c. genannten F\u00e4lle trifft der Verantwortliche angemessene Ma\u00dfnahmen, um die Rechte und Freiheiten sowie Ihre berechtigten Interessen zu wahren, wozu mindestens das Recht auf Erwirkung des Eingreifens einer Person seitens des Verantwortlichen, auf Darlegung des eigenen Standpunkts und auf Anfechtung der Entscheidung geh\u00f6rt.<\/p>\r\n\r\n\r\n\r\n<p><strong>10) Recht auf Beschwerde bei einer Aufsichtsbeh\u00f6rde<\/strong><\/p>\r\n\r\n\r\n\r\n<p>Unbeschadet eines anderweitigen verwaltungsrechtlichen oder gerichtlichen Rechtsbehelfs steht Ihnen das Recht auf Beschwerde bei einer Aufsichtsbeh\u00f6rde, insbesondere in dem Mitgliedstaat ihres Aufenthaltsorts, ihres Arbeitsplatzes oder des Orts des mutma\u00dflichen Versto\u00dfes, wenn Sie der Ansicht sind, dass die Verarbeitung der Sie betreffenden personenbezogenen Daten gegen die DSGVO verst\u00f6\u00dft.<\/p>\r\n","protected":false},"excerpt":{"rendered":"<p>Datenschutzerkl\u00e4rung Verantwortlicher\u00a0im Sinne der Datenschutz-Grundverordnung, sonstiger in den Mitgliedstaaten der Europ\u00e4ischen Union geltenden Datenschutzgesetze und anderer Bestimmungen mit datenschutzrechtlichem Charakter ist Kerstin Wartberg, Tulpenstr. 19, 59909 BESTWIG (nachfolgend \u201eVerantwortliche\u201c bzw. \u201ewir\u201c oder \u201euns\u201c). A. Allgemeines zur Datenverarbeitung 1) Personenbezogene Daten Personenbezogene Daten sind Einzelangaben \u00fcber pers\u00f6nliche oder sachliche Verh\u00e4ltnisse einer bestimmten oder bestimmbaren nat\u00fcrlichen Person.<\/p>\n","protected":false},"author":1,"featured_media":0,"parent":0,"menu_order":0,"comment_status":"closed","ping_status":"closed","template":"fullwidth.php","meta":{"footnotes":""},"class_list":["post-201","page","type-page","status-publish","hentry"],"_links":{"self":[{"href":"https:\/\/www.imtex-online.com\/mediathek\/wp-json\/wp\/v2\/pages\/201","targetHints":{"allow":["GET"]}}],"collection":[{"href":"https:\/\/www.imtex-online.com\/mediathek\/wp-json\/wp\/v2\/pages"}],"about":[{"href":"https:\/\/www.imtex-online.com\/mediathek\/wp-json\/wp\/v2\/types\/page"}],"author":[{"embeddable":true,"href":"https:\/\/www.imtex-online.com\/mediathek\/wp-json\/wp\/v2\/users\/1"}],"replies":[{"embeddable":true,"href":"https:\/\/www.imtex-online.com\/mediathek\/wp-json\/wp\/v2\/comments?post=201"}],"version-history":[{"count":4,"href":"https:\/\/www.imtex-online.com\/mediathek\/wp-json\/wp\/v2\/pages\/201\/revisions"}],"predecessor-version":[{"id":1976,"href":"https:\/\/www.imtex-online.com\/mediathek\/wp-json\/wp\/v2\/pages\/201\/revisions\/1976"}],"wp:attachment":[{"href":"https:\/\/www.imtex-online.com\/mediathek\/wp-json\/wp\/v2\/media?parent=201"}],"curies":[{"name":"wp","href":"https:\/\/api.w.org\/{rel}","templated":true}]}}